{"id":1444,"date":"2026-08-27T12:40:06","date_gmt":"2026-08-27T12:40:06","guid":{"rendered":"https:\/\/prowin-dz.com\/?page_id=1444"},"modified":"2026-08-31T11:53:44","modified_gmt":"2026-08-31T11:53:44","slug":"prowin-presente-au-salon-international-dalger","status":"publish","type":"page","link":"https:\/\/prowin-dz.com\/en\/prowin-presente-au-salon-international-dalger\/","title":{"rendered":"PROWIN pr\u00e9sente au salon international (SIFFP) d&rsquo;Alger du 20 au 23 septembre 2026"},"content":{"rendered":"<p class=\"wp-block-paragraph\">Dans le cadre de sa strat\u00e9gie de croissance et de renforcement de sa pr\u00e9sence sur le march\u00e9,<strong> PROWIN<\/strong> est fi\u00e8re d\u2019annoncer sa participation au <strong>8\u1d49 Salon International <\/strong>(<strong>SIFFP<\/strong>),<strong>Fa\u00e7ades,Fen\u00eatres &amp; Portes<\/strong> qui se tiendra \u00e0 Alger du <strong>20 au 23 septembre 2026<\/strong>, au <strong>Pavillon Central<\/strong>.<\/p>\n\n\n\n<p class=\"wp-block-paragraph\">Cet \u00e9v\u00e9nement majeur constitue une opportunit\u00e9 privil\u00e9gi\u00e9e pour <strong>PROWIN <\/strong>de pr\u00e9senter son savoir-faire, de mettre en avant sa large gamme de produits innovants, mais \u00e9galement de d\u00e9velopper de nouveaux partenariats strat\u00e9giques et de saisir de nouvelles opportunit\u00e9s d\u2019affaires.<\/p>\n\n\n\n<p class=\"wp-block-paragraph\">Notre participation \u00e0 ce salon s\u2019inscrit \u00e9galement dans notre volont\u00e9 de rester au c\u0153ur des \u00e9volutions du secteur, de d\u00e9couvrir les derni\u00e8res avanc\u00e9es technologiques et de renforcer durablement notre r\u00e9seau professionnel.<\/p>\n\n\n\n<p class=\"wp-block-paragraph\">\u00c0 cette occasion,<strong>PROWIN<\/strong> d\u00e9voilera notamment sa collection exclusive d\u2019accessoires haut de gamme pour portes et fen\u00eatres en PVC, con\u00e7us pour r\u00e9pondre aux exigences les plus \u00e9lev\u00e9es du march\u00e9. <\/p>\n\n\n\n<p class=\"wp-block-paragraph\">Alliant excellence, robustesse, fiabilit\u00e9 et performance, ces produits t\u00e9moignent de notre engagement constant \u00e0 offrir \u00e0 nos clients des solutions \u00e0 la hauteur de leurs attentes.<\/p>\n\n\n\n<p class=\"wp-block-paragraph\"><strong>Nous vous invitons \u00e0 venir d\u00e9couvrir nos nouveaut\u00e9s et \u00e0 rencontrer notre \u00e9quipe sur notre stand au Pavillon Central.<\/strong><\/p>\n\n\n\n<p class=\"wp-block-paragraph\">&nbsp;<\/p>\n\n\n<p><img data-opt-id=1565437701  fetchpriority=\"high\" decoding=\"async\" data-interaction-id=\"ba95b81\" id=\"1448\" src=\"https:\/\/mlkwjd6oyocc.i.optimole.com\/cb:247N.797d\/w:auto\/h:auto\/q:mauto\/f:best\/https:\/\/prowin-dz.com\/wp-content\/uploads\/2026\/08\/IMG-20260827-WA0001.jpg\" width=\"2560\" height=\"1280\" srcset=\"https:\/\/mlkwjd6oyocc.i.optimole.com\/cb:247N.797d\/w:auto\/h:auto\/q:mauto\/f:best\/https:\/\/prowin-dz.com\/wp-content\/uploads\/2026\/08\/IMG-20260827-WA0001.jpg 2560w, https:\/\/mlkwjd6oyocc.i.optimole.com\/cb:247N.797d\/w:300\/h:150\/q:mauto\/f:best\/https:\/\/prowin-dz.com\/wp-content\/uploads\/2026\/08\/IMG-20260827-WA0001.jpg 300w, https:\/\/mlkwjd6oyocc.i.optimole.com\/cb:247N.797d\/w:1024\/h:512\/q:mauto\/f:best\/https:\/\/prowin-dz.com\/wp-content\/uploads\/2026\/08\/IMG-20260827-WA0001.jpg 1024w, https:\/\/mlkwjd6oyocc.i.optimole.com\/cb:247N.797d\/w:768\/h:384\/q:mauto\/f:best\/https:\/\/prowin-dz.com\/wp-content\/uploads\/2026\/08\/IMG-20260827-WA0001.jpg 768w, https:\/\/mlkwjd6oyocc.i.optimole.com\/cb:247N.797d\/w:1536\/h:768\/q:mauto\/f:best\/https:\/\/prowin-dz.com\/wp-content\/uploads\/2026\/08\/IMG-20260827-WA0001.jpg 1536w, https:\/\/mlkwjd6oyocc.i.optimole.com\/cb:247N.797d\/w:1920\/h:960\/q:mauto\/f:best\/https:\/\/prowin-dz.com\/wp-content\/uploads\/2026\/08\/IMG-20260827-WA0001.jpg 2048w, https:\/\/mlkwjd6oyocc.i.optimole.com\/cb:247N.797d\/w:18\/h:9\/q:mauto\/f:best\/https:\/\/prowin-dz.com\/wp-content\/uploads\/2026\/08\/IMG-20260827-WA0001.jpg 18w\" alt=\"\"\/><\/p>","protected":false},"excerpt":{"rendered":"<p>Dans le cadre de sa strat\u00e9gie de croissance et de renforcement de sa pr\u00e9sence sur le march\u00e9, PROWIN est fi\u00e8re d\u2019annoncer sa participation au 8\u1d49 Salon International (SIFFP),Fa\u00e7ades,Fen\u00eatres &amp; Portes qui se tiendra \u00e0 Alger du 20 au 23 septembre 2026, au Pavillon Central. Cet \u00e9v\u00e9nement majeur constitue une opportunit\u00e9 privil\u00e9gi\u00e9e pour PROWIN de pr\u00e9senter [&hellip;]<\/p>\n","protected":false},"author":1,"featured_media":0,"parent":0,"menu_order":0,"comment_status":"closed","ping_status":"closed","template":"","meta":{"footnotes":""},"class_list":["post-1444","page","type-page","status-publish","hentry"],"_links":{"self":[{"href":"https:\/\/prowin-dz.com\/en\/wp-json\/wp\/v2\/pages\/1444","targetHints":{"allow":["GET"]}}],"collection":[{"href":"https:\/\/prowin-dz.com\/en\/wp-json\/wp\/v2\/pages"}],"about":[{"href":"https:\/\/prowin-dz.com\/en\/wp-json\/wp\/v2\/types\/page"}],"author":[{"embeddable":true,"href":"https:\/\/prowin-dz.com\/en\/wp-json\/wp\/v2\/users\/1"}],"replies":[{"embeddable":true,"href":"https:\/\/prowin-dz.com\/en\/wp-json\/wp\/v2\/comments?post=1444"}],"version-history":[{"count":3,"href":"https:\/\/prowin-dz.com\/en\/wp-json\/wp\/v2\/pages\/1444\/revisions"}],"predecessor-version":[{"id":1461,"href":"https:\/\/prowin-dz.com\/en\/wp-json\/wp\/v2\/pages\/1444\/revisions\/1461"}],"wp:attachment":[{"href":"https:\/\/prowin-dz.com\/en\/wp-json\/wp\/v2\/media?parent=1444"}],"curies":[{"name":"wp","href":"https:\/\/api.w.org\/{rel}","templated":true}]}}